{"id":7502,"date":"2023-12-08T19:23:48","date_gmt":"2023-12-08T18:23:48","guid":{"rendered":"https:\/\/www.bechmann.org\/amphibium\/?page_id=7502"},"modified":"2026-02-27T20:19:58","modified_gmt":"2026-02-27T19:19:58","slug":"termine","status":"publish","type":"page","link":"https:\/\/www.bechmann.org\/amphibium\/roninkravmaga\/termine\/","title":{"rendered":"Termine"},"content":{"rendered":"\n\n\n<p>Termine derzeit nur auf Vereinbarung -> Email an ronin@krav-maga-frankfurt.de.<br><br><\/p>\n","protected":false},"excerpt":{"rendered":"<p>Termine derzeit nur auf Vereinbarung -> Email an ronin@krav-maga-frankfurt.de.<\/p>\n","protected":false},"author":1,"featured_media":7432,"parent":6959,"menu_order":9,"comment_status":"closed","ping_status":"closed","template":"","meta":{"jetpack_post_was_ever_published":false,"footnotes":""},"class_list":["post-7502","page","type-page","status-publish","has-post-thumbnail","hentry"],"jetpack_shortlink":"https:\/\/wp.me\/P4DyUk-1X0","jetpack-related-posts":[{"id":6973,"url":"https:\/\/www.bechmann.org\/amphibium\/roninkravmaga\/krav-maga\/krav-maga-seminare-kurse\/","url_meta":{"origin":7502,"position":0},"title":"Krav Maga-Seminare &amp; Kurse","author":"Oliver","date":"19. August 2023","format":false,"excerpt":"Seminare & Kurse, Workshops & Camps werden an verschiedenen Indoor- & Outdoor-Locations im Rhein-Main-Gebiet veranstaltet und k\u00f6nnen au\u00dferdem von Sport- und anderen Vereinen, Kampfsportclubs und Fitnessstudios, Beh\u00f6rden, Firmen, Ausbildungs- und Privatgruppen in deren R\u00e4umen \u2013 je nach Interesse und Vorerfahrung der Teilnehmer \u2013 gebucht werden. Ihre Ausrichtung richtet sich nach\u2026","rel":"","context":"\u00c4hnlicher Beitrag","block_context":{"text":"\u00c4hnlicher Beitrag","link":""},"img":{"alt_text":"","src":"","width":0,"height":0},"classes":[]},{"id":6975,"url":"https:\/\/www.bechmann.org\/amphibium\/roninkravmaga\/mindfulness-based-stress-reduction-mbsr\/mind-fitness-workshops\/","url_meta":{"origin":7502,"position":1},"title":"Mind Fitness Workshops","author":"Oliver","date":"19. August 2023","format":false,"excerpt":"Workshop: Mind Fitness for Fighters (MFF) Mentales Training kann physisches nicht ersetzen, wohl aber sinnvoll erg\u00e4nzen. Neben den motorischen Fertigkeiten muss jeder Kampf- und Selbstverteidigungs-Sportler auch die psychischen Prozesse, die seine Bewegungen steuern, regelm\u00e4\u00dfig und intensiv trainieren. Beim mentalen Training geht es nicht darum, sich das eigene Leistungsverm\u00f6gen sch\u00f6nzureden oder\u2026","rel":"","context":"\u00c4hnlicher Beitrag","block_context":{"text":"\u00c4hnlicher Beitrag","link":""},"img":{"alt_text":"","src":"https:\/\/i0.wp.com\/www.bechmann.org\/amphibium\/wp-content\/uploads\/cropped-RKM_Graphik_schmal-1.jpg?fit=1200%2C496&ssl=1&resize=350%2C200","width":350,"height":200,"srcset":"https:\/\/i0.wp.com\/www.bechmann.org\/amphibium\/wp-content\/uploads\/cropped-RKM_Graphik_schmal-1.jpg?fit=1200%2C496&ssl=1&resize=350%2C200 1x, https:\/\/i0.wp.com\/www.bechmann.org\/amphibium\/wp-content\/uploads\/cropped-RKM_Graphik_schmal-1.jpg?fit=1200%2C496&ssl=1&resize=525%2C300 1.5x, https:\/\/i0.wp.com\/www.bechmann.org\/amphibium\/wp-content\/uploads\/cropped-RKM_Graphik_schmal-1.jpg?fit=1200%2C496&ssl=1&resize=700%2C400 2x, https:\/\/i0.wp.com\/www.bechmann.org\/amphibium\/wp-content\/uploads\/cropped-RKM_Graphik_schmal-1.jpg?fit=1200%2C496&ssl=1&resize=1050%2C600 3x"},"classes":[]},{"id":6959,"url":"https:\/\/www.bechmann.org\/amphibium\/roninkravmaga\/","url_meta":{"origin":7502,"position":2},"title":"roninkravmaga","author":"Oliver","date":"17. August 2023","format":false,"excerpt":"[Das Nachfolge-Projekt des Krav Maga Centers Frankfurt\/Rhein-Main] r\u014dnin \u6d6a\u4eba, jap. w\u00f6rtl. \u201eWellenmann\u201c, lit. \u201eumherwandernde Person\u201ckrav maga \u05e7\u05e8\u05d1 \u05de\u05d2\u05e2 , hebr., w\u00f6rtl. \u201eKontaktkampf\u201c roninkravmaga bietet als mobile Schule Seminare & Kurse, Workshops & Camps zur k\u00f6rperlichen, seelischen & geistigen Fitness in herausfordernden Umst\u00e4nden an. Dabei geht es nicht nur um physisches\u2026","rel":"","context":"In &quot;Land&quot;","block_context":{"text":"Land","link":"https:\/\/www.bechmann.org\/amphibium\/category\/land\/"},"img":{"alt_text":"","src":"https:\/\/i0.wp.com\/www.bechmann.org\/amphibium\/wp-content\/uploads\/cropped-RKM_Graphik_schmal-1.jpg?fit=1200%2C496&ssl=1&resize=350%2C200","width":350,"height":200,"srcset":"https:\/\/i0.wp.com\/www.bechmann.org\/amphibium\/wp-content\/uploads\/cropped-RKM_Graphik_schmal-1.jpg?fit=1200%2C496&ssl=1&resize=350%2C200 1x, https:\/\/i0.wp.com\/www.bechmann.org\/amphibium\/wp-content\/uploads\/cropped-RKM_Graphik_schmal-1.jpg?fit=1200%2C496&ssl=1&resize=525%2C300 1.5x, https:\/\/i0.wp.com\/www.bechmann.org\/amphibium\/wp-content\/uploads\/cropped-RKM_Graphik_schmal-1.jpg?fit=1200%2C496&ssl=1&resize=700%2C400 2x, https:\/\/i0.wp.com\/www.bechmann.org\/amphibium\/wp-content\/uploads\/cropped-RKM_Graphik_schmal-1.jpg?fit=1200%2C496&ssl=1&resize=1050%2C600 3x"},"classes":[]},{"id":6961,"url":"https:\/\/www.bechmann.org\/amphibium\/roninkravmaga\/krav-maga\/","url_meta":{"origin":7502,"position":3},"title":"Krav Maga","author":"Oliver","date":"19. August 2023","format":false,"excerpt":"Krav Maga ist die Nahkampfmethode des israelischen Milit\u00e4rs. Ihr Begr\u00fcnder Imi Lichtenfeld und sein wichtigster Sch\u00fcler Eyal Yanilov erm\u00f6glichten es Anfang der 90er Jahre des vorigen Jahrhunderts, dass nicht nur professionelle Berufsanwender wie Soldaten, Polizisten, Personensch\u00fctzer und Security-Personal Krav Maga trainieren konnten, sondern weltweit auch Zivilb\u00fcrger. Was uns wichtig ist:\u2026","rel":"","context":"\u00c4hnlicher Beitrag","block_context":{"text":"\u00c4hnlicher Beitrag","link":""},"img":{"alt_text":"","src":"https:\/\/i0.wp.com\/www.bechmann.org\/amphibium\/wp-content\/uploads\/cropped-RKM_Graphik_schmal-1.jpg?fit=1200%2C496&ssl=1&resize=350%2C200","width":350,"height":200,"srcset":"https:\/\/i0.wp.com\/www.bechmann.org\/amphibium\/wp-content\/uploads\/cropped-RKM_Graphik_schmal-1.jpg?fit=1200%2C496&ssl=1&resize=350%2C200 1x, https:\/\/i0.wp.com\/www.bechmann.org\/amphibium\/wp-content\/uploads\/cropped-RKM_Graphik_schmal-1.jpg?fit=1200%2C496&ssl=1&resize=525%2C300 1.5x, https:\/\/i0.wp.com\/www.bechmann.org\/amphibium\/wp-content\/uploads\/cropped-RKM_Graphik_schmal-1.jpg?fit=1200%2C496&ssl=1&resize=700%2C400 2x, https:\/\/i0.wp.com\/www.bechmann.org\/amphibium\/wp-content\/uploads\/cropped-RKM_Graphik_schmal-1.jpg?fit=1200%2C496&ssl=1&resize=1050%2C600 3x"},"classes":[]},{"id":8115,"url":"https:\/\/www.bechmann.org\/amphibium\/roninkravmaga\/krav-maga\/krav-maga-fotogalerie\/","url_meta":{"origin":7502,"position":4},"title":"Krav Maga-Fotogalerie","author":"Oliver","date":"27. April 2024","format":false,"excerpt":"","rel":"","context":"\u00c4hnlicher Beitrag","block_context":{"text":"\u00c4hnlicher Beitrag","link":""},"img":{"alt_text":"","src":"https:\/\/i0.wp.com\/www.bechmann.org\/amphibium\/wp-content\/uploads\/startseite4.jpg?resize=350%2C200&ssl=1","width":350,"height":200,"srcset":"https:\/\/i0.wp.com\/www.bechmann.org\/amphibium\/wp-content\/uploads\/startseite4.jpg?resize=350%2C200&ssl=1 1x, https:\/\/i0.wp.com\/www.bechmann.org\/amphibium\/wp-content\/uploads\/startseite4.jpg?resize=525%2C300&ssl=1 1.5x, https:\/\/i0.wp.com\/www.bechmann.org\/amphibium\/wp-content\/uploads\/startseite4.jpg?resize=700%2C400&ssl=1 2x, https:\/\/i0.wp.com\/www.bechmann.org\/amphibium\/wp-content\/uploads\/startseite4.jpg?resize=1050%2C600&ssl=1 3x"},"classes":[]},{"id":2,"url":"https:\/\/www.bechmann.org\/amphibium\/ueberdasamphibium\/","url_meta":{"origin":7502,"position":5},"title":"\u00dcber uns","author":"Oliver","date":"15. Mai 2014","format":false,"excerpt":"Das Amphibium - mobiles Leben zu Land, Wasser, Luft Ein Amphibium ist ein Lebewesen, das sowohl im Wasser, am Wasser und an Land lebt und in beiden Sph\u00e4ren gleicherma\u00dfen existieren kann. Luft braucht es zum Atmen, aber es kann nicht fliegen. Dornier Flugboot Do 24 ATT Als Anfang des vorigen\u2026","rel":"","context":"\u00c4hnlicher Beitrag","block_context":{"text":"\u00c4hnlicher Beitrag","link":""},"img":{"alt_text":"","src":"https:\/\/i0.wp.com\/www.bechmann.org\/amphibium\/wp-content\/uploads\/ojbNr5_kl.jpeg?resize=350%2C200&ssl=1","width":350,"height":200,"srcset":"https:\/\/i0.wp.com\/www.bechmann.org\/amphibium\/wp-content\/uploads\/ojbNr5_kl.jpeg?resize=350%2C200&ssl=1 1x, https:\/\/i0.wp.com\/www.bechmann.org\/amphibium\/wp-content\/uploads\/ojbNr5_kl.jpeg?resize=525%2C300&ssl=1 1.5x, https:\/\/i0.wp.com\/www.bechmann.org\/amphibium\/wp-content\/uploads\/ojbNr5_kl.jpeg?resize=700%2C400&ssl=1 2x, https:\/\/i0.wp.com\/www.bechmann.org\/amphibium\/wp-content\/uploads\/ojbNr5_kl.jpeg?resize=1050%2C600&ssl=1 3x, https:\/\/i0.wp.com\/www.bechmann.org\/amphibium\/wp-content\/uploads\/ojbNr5_kl.jpeg?resize=1400%2C800&ssl=1 4x"},"classes":[]}],"jetpack_sharing_enabled":true,"_links":{"self":[{"href":"https:\/\/www.bechmann.org\/amphibium\/wp-json\/wp\/v2\/pages\/7502","targetHints":{"allow":["GET"]}}],"collection":[{"href":"https:\/\/www.bechmann.org\/amphibium\/wp-json\/wp\/v2\/pages"}],"about":[{"href":"https:\/\/www.bechmann.org\/amphibium\/wp-json\/wp\/v2\/types\/page"}],"author":[{"embeddable":true,"href":"https:\/\/www.bechmann.org\/amphibium\/wp-json\/wp\/v2\/users\/1"}],"replies":[{"embeddable":true,"href":"https:\/\/www.bechmann.org\/amphibium\/wp-json\/wp\/v2\/comments?post=7502"}],"version-history":[{"count":5,"href":"https:\/\/www.bechmann.org\/amphibium\/wp-json\/wp\/v2\/pages\/7502\/revisions"}],"predecessor-version":[{"id":10195,"href":"https:\/\/www.bechmann.org\/amphibium\/wp-json\/wp\/v2\/pages\/7502\/revisions\/10195"}],"up":[{"embeddable":true,"href":"https:\/\/www.bechmann.org\/amphibium\/wp-json\/wp\/v2\/pages\/6959"}],"wp:featuredmedia":[{"embeddable":true,"href":"https:\/\/www.bechmann.org\/amphibium\/wp-json\/wp\/v2\/media\/7432"}],"wp:attachment":[{"href":"https:\/\/www.bechmann.org\/amphibium\/wp-json\/wp\/v2\/media?parent=7502"}],"curies":[{"name":"wp","href":"https:\/\/api.w.org\/{rel}","templated":true}]}}