{"id":6973,"date":"2023-08-19T19:26:20","date_gmt":"2023-08-19T17:26:20","guid":{"rendered":"https:\/\/www.bechmann.org\/amphibium\/?page_id=6973"},"modified":"2024-04-27T11:03:28","modified_gmt":"2024-04-27T09:03:28","slug":"krav-maga-seminare-kurse","status":"publish","type":"page","link":"https:\/\/www.bechmann.org\/amphibium\/roninkravmaga\/krav-maga\/krav-maga-seminare-kurse\/","title":{"rendered":"Krav Maga-Seminare &amp; Kurse"},"content":{"rendered":"\n<p><strong>Seminare &amp; Kurse, Workshops &amp; Camps werden an verschiedenen Indoor- &amp; Outdoor-Locations<\/strong> im Rhein-Main-Gebiet veranstaltet und k\u00f6nnen au\u00dferdem von Sport- und anderen Vereinen, Kampfsportclubs und Fitnessstudios, Beh\u00f6rden, Firmen, Ausbildungs- und Privatgruppen in deren R\u00e4umen \u2013 je nach Interesse und Vorerfahrung der Teilnehmer \u2013 gebucht werden. Ihre Ausrichtung richtet sich nach den jeweils speziellen Konfrontations- und Konfliktlagen.<\/p>\n\n\n\n<h3 class=\"wp-block-heading\" id=\"krav-maga-basisseminar-einfuhrungsseminar\"><a><\/a>Krav Maga Basisseminar (Einf\u00fchrungsseminar)<\/h3>\n\n\n\n<p>Dauer: acht Stunden.<br>Inhalt: Grundtechniken, auf denen das regelm\u00e4\u00dfige und alle weiteren Trainings aufbauen:<\/p>\n\n\n\n<ul class=\"wp-block-list\">\n<li>Verteidigungs-\/Kampfstellungen, Deckung\/Blockade<\/li>\n\n\n\n<li>Einfache Tritte und Schl\u00e4ge als Gegenwehr<\/li>\n\n\n\n<li>Abwehr h\u00e4ufiger Angriffsformen<\/li>\n\n\n\n<li>Befreiungen aus W\u00fcrgen, Umklammerungen, Schwitzkasten<\/li>\n\n\n\n<li>Bedrohung mit Messer<\/li>\n\n\n\n<li>Stresstraining<\/li>\n\n\n\n<li>Pr\u00e4vention und Verhalten, Hintergrundinformationen<\/li>\n<\/ul>\n\n\n\n<p>Die Auswahl der Techniken &amp; Taktiken will einen Einblick in Krav Maga als <em>Defensive Tactics System<\/em> und seine Methodik &amp; Didaktik vermitteln und orientiert sich an der Gruppenzusammensetzung. Anpassungen an spezielle Bed\u00fcrfnisse sind m\u00f6glich.<\/p>\n\n\n\n<p><strong>Mindestausr\u00fcstung<\/strong>: Sportbekleidung (evtl. Wechselshirts), f\u00fcr die jeweilige Location geeignete Schuhe, Getr\u00e4nk und etwas zum Essen f\u00fcr die Pausen.<br><strong>Falls vorhanden<\/strong>: Tiefschutz, Unterarm- und Schienbeinschoner, kleine Faustsch\u00fctzer, Sandsackhandschuhe o.\u00e4.<br><strong>Voraussetzungen<\/strong>: sportgesund.<br><strong>Mindestalter<\/strong>: 16 Jahre<br><strong>Teilnehmerzahl<\/strong>: max. 30. Eine Teilnahme ist nur nach vorheriger Anmeldung m\u00f6glich, wobei die Anmeldungen in der Reihenfolge ihres Eingangs ber\u00fccksichtigt werden.<br><strong>Ort<\/strong>: Karate Martial Arts Institut Frankfurt und Budocan Frankfurt.<br><strong>Anmerkung<\/strong>: Das Training kann in der warmen Jahreszeit u.U. drau\u00dfen abgehalten werden.<\/p>\n\n\n\n<figure class=\"wp-block-table\"><table><tbody><tr><td><strong>Termine f\u00fcr 2024:<\/strong><br>Derzeit Termine nur auf Vereinbarung. <strong><a href=\"https:\/\/www.bechmann.org\/roninkravmaga\/anmeldung-konditionen\/\">Anmeldung &amp; AGB<\/a><\/strong><\/td><\/tr><\/tbody><\/table><\/figure>\n\n\n\n<hr class=\"wp-block-separator has-alpha-channel-opacity\"\/>\n\n\n\n<h3 class=\"wp-block-heading\" id=\"wochenendkurs-frauen-selbstverteidigung-intensiv\"><a><\/a>Wochenendkurs: <a><\/a>Frauen-Selbstverteidigung intensiv<\/h3>\n\n\n\n<p>Beinhaltet ernstfallerprobte Techniken und -Taktiken, angepasst auf die spezielle k\u00f6rperliche, psychologische und soziale Situation von Frauen. Im Vordergrund stehen frauentypische Angriffe und Angriffsszenarien bzw. Bedrohungssituationen und Konfliktfelder. Die einge\u00fcbten Verteidigungs-Techniken und -Taktiken (ggfls. inkl. Umgang mit Abwehrspray) kommen in einem realit\u00e4tsnahen Stress-Training plus einem intensiven Szenario-Durchlauf (von verbalen Bel\u00e4stigungen und Bedrohungen bis hin zu k\u00f6rperlichen Angriffen) am zweiten Seminartag zur Anwendung. Dem Durchsetzen gegen m\u00e4nnliche Angreifer in Vollschutzanz\u00fcgen kommt innerhalb dieses \u201eHindernisparcours\u201c besondere Bedeutung zu.<\/p>\n\n\n\n<p>Maximale Teilnehmerinnenzahl: 12. Dauer: elf Stunden (inkl. kurzer Pausen).<\/p>\n\n\n\n<p>Garantierte Leitung durch weiblichen Instructor mit Kenntnissen und Erfahrung in Trauma &amp; Therapie, begleitet von ebenfalls fachkundiger Sozialarbeiterin. Geschulte M\u00e4nner stehen als \u00dcbungspartner bzw. Angreifer im <em>Close Quarter Course<\/em> zur Verf\u00fcgung.<\/p>\n\n\n\n<figure class=\"wp-block-table\"><table><tbody><tr><td><strong>Termine f\u00fcr 2024:<\/strong><br>Derzeit Termine nur auf Vereinbarung.<br><strong><a href=\"https:\/\/www.bechmann.org\/roninkravmaga\/anmeldung-konditionen\/\">Anmeldung &amp; AGB<\/a><\/strong><\/td><\/tr><\/tbody><\/table><\/figure>\n\n\n\n<h3 class=\"wp-block-heading\" id=\"tageskurs-frauen-selbstverteidigung-kompakt\">Tageskurs: <a><\/a>Frauen-Selbstverteidigung kompakt<\/h3>\n\n\n\n<p>Die \u201ekleine Schwester\u201c des Frauen-SV-Intensivseminars. Beinhaltet ernstfallerprobte Techniken und -Taktiken, angepasst auf die spezielle k\u00f6rperliche, psychologische und soziale Situation von Frauen. Im Vordergrund stehen&nbsp; Bel\u00e4stigungen und Bedrohungen im Stand und in der Bodenlage.<\/p>\n\n\n\n<p><strong>Teilnehmerinnenzahl<\/strong>: 30. Eine Teilnahme ist nur nach vorheriger Anmeldung m\u00f6glich, wobei die Anmeldungen in der Reihenfolge ihres Eingangs ber\u00fccksichtigt werden.<br><strong>Dauer<\/strong>: sechs Stunden (inkl. kurzer Pausen).<br><strong>Ort<\/strong>: Karate Martial Arts Institut Frankfurt und Budocan Frankfurt.<br><strong>Anmerkung<\/strong>: Garantierte Leitung durch weiblichen Instructor. Das Training kann in der warmen Jahreszeit u.U. drau\u00dfen abgehalten werden.<\/p>\n\n\n\n<figure class=\"wp-block-table\"><table><tbody><tr><td><strong>Termine f\u00fcr 2024:<\/strong><br>Derzeit Termine nur auf Vereinbarung.<br><strong><a href=\"https:\/\/www.bechmann.org\/roninkravmaga\/anmeldung-konditionen\/\">Anmeldung &amp; AGB<\/a><\/strong><\/td><\/tr><\/tbody><\/table><\/figure>\n\n\n\n<hr class=\"wp-block-separator has-alpha-channel-opacity\"\/>\n\n\n\n<h3 class=\"wp-block-heading\" id=\"krav-maga-seminar-takedowns-controlling\"><a><\/a>Krav Maga Seminar: Takedowns &amp; Controlling<\/h3>\n\n\n\n<p>Selbstverteidigung bedeutet in der Regel ein Vorgehen nach dem \u201eHit-and-Run\u201c-Prinzip: Sich nicht selbst in Gefahr bringen, sondern vielmehr so schnell wie m\u00f6glich in Sicherheit. Mit anderen Worten: Den unmittelbaren \u00dcbergriff abwehren und aus der Gefahrenzone entfernen. <em>Takedowns<\/em> und <em>Controlling<\/em> \u2013 also Wurf- und Festlege-Techniken \u2013 stehen dem meist im Wege, da sie mit mehr Zeit- und Energieaufwand einhergehen. Au\u00dferdem ist der Aus\u00fcbende ausschlie\u00dflich auf eine Person fixiert, ja sogar an diesen Angreifer gebunden \u2013 besonders in der Bodenlage. Damit einhergeht eine verminderte Beobachtung der Umgebung und Wahrnehmung etwaiger anderer Angreifer.<\/p>\n\n\n\n<p><em>Takedown<\/em>\u2013 und <em>Controlling<\/em>-Techniken kommen daher haupts\u00e4chlich in Situationen in Frage, wo einfaches Entfernen nicht m\u00f6glich ist oder wo B\u00fcrger ihr Jedermannsrecht im Falle eines \u00dcbergriffs wahrnehmen wollen \u2013 also eine Person bis zum Eintreffen der Polizei festhalten. Besonders wichtig aber sind <em>Takedown<\/em>\u2013 &amp; <em>Controlling<\/em>-Techniken f\u00fcr Polizisten und Security-Mitarbeiter, auch f\u00fcr Rettungssanit\u00e4ter und Feuerwehrleute, sowie Sozialarbeiter und Psychiatrie-Mitarbeiter. Denn Angeh\u00f6rige von Sozialberufen sind verst\u00e4rkt gewaltt\u00e4tigen \u00dcbergriffen ausgesetzt \u2013 ob in Jugendzentren und Obdachlosenheimen, beim Streetworking oder in der Drogenhilfe, in der Beratungs- und Gespr\u00e4chssituation, und auch als Rettungsdienstler im Notfalleinsatz.Denn in letzteren F\u00e4llen ist verminderter Gewalteinsatz und Teamwork gefragt.<\/p>\n\n\n\n<p>Gewahrt wird bei den im Seminar vermittelten Techniken, die typisch Krav Maga \u201esimple &amp; stupid\u201c und \u201egrobmotorisch\u201c sind, die gesetzlich gebotene Verh\u00e4ltnism\u00e4\u00dfigkeit der Mittel wie die Beachtung der Notwehrparagraphen. Das vierst\u00fcndige Seminar ist f\u00fcr Jedermann.<\/p>\n\n\n\n<figure class=\"wp-block-table\"><table><tbody><tr><td><strong>Termine f\u00fcr 2024:<\/strong><br>Derzeit Termine nur auf Vereinbarung.<br><strong><a href=\"https:\/\/www.bechmann.org\/roninkravmaga\/anmeldung-konditionen\/\">Anmeldung &amp; AGB<\/a><\/strong><\/td><\/tr><\/tbody><\/table><\/figure>\n\n\n\n<h3 class=\"wp-block-heading\" id=\"krav-maga-seminar-vip-protection-defend-your-friends-family\">Krav Maga Seminar: VIP Protection \u201eDefend your Friends &amp; Family\u201c<\/h3>\n\n\n\n<p>Die Ausgangslage eines \u201eDefend your Friends &amp; Family\u201c-Seminars ist darin zu sehen, dass man nicht immer alleine, sondern auch mit Lebensgef\u00e4hrten, Partnerinnen, Freunden und Freundinnen unterwegs ist \u2013 und diese meist keine Selbstverteidigung \u00fcben. Dritte zu verteidigen ist normalerweise eine Sache professionellen Personenschutzes (<em>VIP Protection<\/em>); im Krav Maga gibt es aber eine an den zivilen Alltagsbereich angepasste Variante davon (<em>3rd Party Defending<\/em>). In diesem Seminar sind die wichtigsten Techniken &amp; Taktiken zu Schutz und Verteidigung anderer Personen, ob nahestehend oder nicht, aus dem Krav Maga-Curriculum und seinen Levels geb\u00fcndelt.<\/p>\n\n\n\n<p>Ebenso wird die Betonung darauf gelegt, dass potenzielle Schutzpersonen \u2013 Freunde und\/oder Familienangeh\u00f6rige \u2013 in das Training integriert werden. Sie sollen durch die Teilnahme am \u201eDefend your Friends &amp; Family\u201c-Seminar in gewaltt\u00e4tigen Situationen ruhiger und gezielter als zu Verteidigende (re-)agieren. Dazu werden sie im Seminar am Training beteiligt und in grunds\u00e4tzlichen Krav Maga-Techniken geschult.<\/p>\n\n\n\n<figure class=\"wp-block-table\"><table><tbody><tr><td><strong>Termine f\u00fcr 2024:<br><\/strong>Derzeit Termine nur auf Vereinbarung.<br><strong><a href=\"https:\/\/www.bechmann.org\/roninkravmaga\/anmeldung-konditionen\/\">Anmeldung &amp; AGB<\/a><\/strong><\/td><\/tr><\/tbody><\/table><\/figure>\n\n\n\n<h3 class=\"wp-block-heading\" id=\"krav-maga-seminar-combat-fighting-skills\"><a><\/a>Krav Maga Seminar: Combat &amp; Fighting Skills<\/h3>\n\n\n\n<p>Wer Stra\u00dfenk\u00e4mpfe kennt, wei\u00df, dass sie ganz \u00fcberwiegend simple &amp; stupid verlaufen. Es gilt weniger, sich raffinierter Techniken und Technikfolgen zu erwehren, als vielmehr starker Aggression und gro\u00dfer Brutalit\u00e4t \u2013 meist umgesetzt in \u00fcberraschendes einfaches Schlagen und Treten. Was in der Gegenwehr z\u00e4hlt, sind Fighting Skills in puncto physischer und psychischer St\u00e4rke \u2013 und nicht ein ausgefeiltes Technik- und Kombinationsrepertoire; ein Grund, warum so viele herk\u00f6mmliche Kampfsportler auf der Stra\u00dfe versagen.<\/p>\n\n\n\n<p>Im Combat &amp; Fighting-Seminar geht es aus diesem Grund einerseits um einfache Schlag- und Trittkombinationen im Gegenangriff, anderseits um physische und mentale Konditionierung sowie taktisch kluges Verhalten und Bewegen. Ebenso wird die F\u00e4higkeit geschult, einen begonnenen Kampf durchzufechten \u2013 bis zur Niederlage des Gegners. Dabei bedeutet Kondition nicht, die Ausdauerleistung f\u00fcr eine wettkampfsportliche Leistung \u00e0 la f\u00fcnf Runden zu je drei Minuten in Ring oder K\u00e4fig zu erbringen. Sondern eine hochstressige und hochanstrengende Belastung von wenigen Sekunden durchzustehen, bei des es ums Ganze \u2013 physische und psychische Unversehrtheit \u2013 geht.<\/p>\n\n\n\n<p>Das ca. f\u00fcnfst\u00fcndige Seminar setzt ausreichende Vorerfahrung in Krav Maga, Thai- oder Kickboxen, Ju-Jutsu bzw. entsprechende Fighting Skills voraus. F\u00fcr Anf\u00e4nger &amp; Einsteiger mit wenigen Wochen oder Monaten Trainingspraxis ist es nicht geeignet. \u00dcber die Zulassung entscheidet der Instructor, ggfls. auf Nachfrage.<\/p>\n\n\n\n<p>Es beinhaltet Methoden des Mentaltraining. Wenn vorhanden, pers\u00f6nliche Schutzausr\u00fcstung mitbringen. Zum Einsatz kommende Helme, Schutzwesten oder Vollschutzanz\u00fcge werden ggfls. gestellt.<\/p>\n\n\n\n<figure class=\"wp-block-table\"><table><tbody><tr><td><strong>Termine f\u00fcr 2024:<\/strong><br>Derzeit Termine nur auf Vereinbarung.<br><strong><a href=\"https:\/\/www.bechmann.org\/roninkravmaga\/anmeldung-konditionen\/\">Anmeldung &amp; AGB<\/a><\/strong><\/td><\/tr><\/tbody><\/table><\/figure>\n\n\n\n<hr class=\"wp-block-separator has-alpha-channel-opacity\"\/>\n\n\n\n<h3 class=\"wp-block-heading\" id=\"krav-maga-seminar-knife-defenses\"><a><\/a> Krav Maga Seminar: Knife Defenses<\/h3>\n\n\n\n<p>Ein beliebtes Gewalt-Werkzeug ist jede Form von Messer. Man braucht nicht viel zu k\u00f6nnen, nicht kr\u00e4ftig zu sein, um mit einem Messer leicht verheerenden Schaden anrichten zu k\u00f6nnen. Gleichzeitig sind Messer leicht verf\u00fcgbar und bequem versteckt zu tragen. Kein Wunder also, dass Messer die verbreitetste und gef\u00e4hrlichste Waffe im europ\u00e4ischen urbanen Umfeld sind.<\/p>\n\n\n\n<p>Beim Knife Defense Seminar geht es um drei Stunden Intensiv-Training Messerabwehr \u2013 gegen die vorherrschenden Bedrohungen nah und fern des K\u00f6rpers genauso gegen die am h\u00e4ufigsten auftretenden Messerstiche und -schnitte.<\/p>\n\n\n\n<p>Das dreist\u00fcndige Seminar ist f\u00fcr jedermann. Wenn vorhanden, Schutzbrillen und pers\u00f6nliche Schutzausr\u00fcstung mitbringen. Zum Einsatz kommende Helme, Schutzwesten oder Vollschutzanz\u00fcge werden ggfls. gestellt.<\/p>\n\n\n\n<figure class=\"wp-block-table\"><table><tbody><tr><td><strong>Termine f\u00fcr 2024:<br><\/strong>Derzeit Termine nur auf Vereinbarung.<br><strong><a href=\"https:\/\/www.bechmann.org\/roninkravmaga\/anmeldung-konditionen\/\">Anmeldung &amp; AGB<\/a><\/strong><\/td><\/tr><\/tbody><\/table><\/figure>\n\n\n\n<h3 class=\"wp-block-heading\" id=\"krav-maga-seminar-stick-defenses\"><a><\/a> Krav Maga Seminar: Stick Defenses<\/h3>\n\n\n\n<p>St\u00f6cke und stock\u00e4hnliche Gegenst\u00e4nde wie Brechstangen, Baseballschl\u00e4ger etc. lassen sich leicht bei gewaltt\u00e4tigen Auseinandersetzungen anwenden und werden auch h\u00e4ufig und gerne genutzt \u2013 besonders in Form von Teleskopschlagst\u00f6cken (an und f\u00fcr sich verboten) oder Baseballschl\u00e4gern (als Sportger\u00e4t nicht zu verbieten). Beide f\u00fchren aufgrund ihrer konstruktionsbedingten Dynamik zu schweren Verletzungen \u2013 besonders wenn der Kopf getroffen wird \u2013 die weit \u00fcber die Wirkung einfacher Holzst\u00f6cke hinausgehen.<\/p>\n\n\n\n<p>In einem Regionalzug in W\u00fcrzburg wurde etwa eine Amok-Attacke mit Beil und Messer ver\u00fcbt. Die Krav Maga-Abwehrtechniken zu stock\u00e4hnlichen Gegenst\u00e4nden lassen sich nahtlos auf \u00c4xte, Beile u.\u00e4. \u00fcbertragen. Daher wird ein Teil des Seminars eine Gef\u00e4hrdungssituation in S- bzw. U-Bahn bzw. Zugabteil nachstellen.<\/p>\n\n\n\n<p>Das dreist\u00fcndige Seminar ist f\u00fcr jedermann. Wenn vorhanden, pers\u00f6nliche Schutzausr\u00fcstung mitbringen. Zum Einsatz kommende Helme, Schutzwesten oder Vollschutzanz\u00fcge werden ggfls. gestellt.<\/p>\n\n\n\n<figure class=\"wp-block-table\"><table><tbody><tr><td><strong>Termine f\u00fcr 2024:<\/strong><br>Derzeit Termine nur auf Vereinbarung.<br><strong><a href=\"https:\/\/www.bechmann.org\/roninkravmaga\/anmeldung-konditionen\/\">Anmeldung &amp; AGB<\/a><\/strong><\/td><\/tr><\/tbody><\/table><\/figure>\n\n\n\n<h3 class=\"wp-block-heading\" id=\"krav-maga-seminar-gunthreat-defenses\"><a><\/a> Krav Maga Seminar: Gunthreat Defenses<\/h3>\n\n\n\n<p>Der Einsatz von scharfen Schusswaffen kommt hierzulande relativ selten vor; zumindest gegen\u00fcber einfachen Zivilb\u00fcrgern im Alltag. Professionelle Kr\u00e4fte in der Sicherheitsbranche \u2013 egal ob \u00f6ffentlich oder privat, Polizist oder Security-Mitarbeiter, Personensch\u00fctzer oder T\u00fcrsteher \u2013 sehen sich schon eher damit konfrontiert. Andererseits agieren Jugendliche auch mit Gas-, Schreckschu\u00df- und Signalwaffen sowie Anscheinswaffen (Softair), die echten t\u00e4uschend \u00e4hnlich sehen und im Dunkeln und unter Stress kaum sicher als solche zu identifizieren sind. Gas- und Schreckschu\u00dfwaffen k\u00f6nnen \u00fcberdies erhebliche Verletzungen etwa an Augen und Ohren hervorrufen, wenn sie nahe am Kopf abgefeuert werden; Signalwaffen auch aus einiger Distanz.<\/p>\n\n\n\n<p>Beim Gunthreat Defense Seminar geht es um drei Stunden Intensiv-Training der Abwehr von Bedrohungen von (Kurz-)Schusswaffen bis hin zu Anscheinswaffen, inklusive taktischem Vorgehen und Verhalten in Pre- und Post-Fight.<\/p>\n\n\n\n<p>Das dreist\u00fcndige Seminar ist f\u00fcr Jedermann. Wenn vorhanden, pers\u00f6nliche Schutzausr\u00fcstung mitbringen. Zum Einsatz kommende Helme, Schutzwesten oder Vollschutzanz\u00fcge werden ggfls. gestellt.<\/p>\n\n\n\n<figure class=\"wp-block-table\"><table><tbody><tr><td><strong>Termine f\u00fcr 2024:<\/strong><br>Derzeit Termine nur auf Vereinbarung.<br><strong><a href=\"https:\/\/www.bechmann.org\/roninkravmaga\/anmeldung-konditionen\/\">Anmeldung &amp; AGB<\/a><\/strong><\/td><\/tr><\/tbody><\/table><\/figure>\n\n\n\n<hr class=\"wp-block-separator has-alpha-channel-opacity\"\/>\n\n\n\n<h3 class=\"wp-block-heading\" id=\"abwehr-von-attacken-in-bus-bahn\">Abwehr von Attacken in Bus &amp; Bahn<\/h3>\n\n\n\n<p>Bus &amp; Bahn: Der \u00f6ffentliche Personennahverkehr ist nicht selten ein Ort gewaltt\u00e4tiger \u00dcbergriffe, besonders in den Nacht- und fr\u00fchen Morgenstunden.&nbsp;Busse &amp; Bahnen machen den geordneten R\u00fcckzug oder ein Ausweichen meist schwer. Beengte Verh\u00e4ltnisse, enger K\u00f6rperkontakt erschweren Bewegungs- und Verteidigungsm\u00f6glichkeiten enorm.<\/p>\n\n\n\n<p>Um erprobte Krav Maga-Techniken aus der Halle in realistische Umgebung zu bringen, haben wir einen au\u00dfer Dienst gestellten Bus organisiert \u2013 in dem normalerweise eine Freiwillige Feuerwehr des Kreises Offenbach \u00fcbt. D.h., das Fahrzeug muss nicht betulich und vorsichtig behandelt werden, wie das h\u00e4ufig bei entsprechenden Trainings der Fall ist!<\/p>\n\n\n\n<p>Der Bus steht stellvertretend f\u00fcr Stadt- und Reisebusse, Stra\u00dfen-, S- und U-Bahnen. Das Seminar ist zwar auf eine Situation zugeschnitten, in der man letztlich das Fahrzeug verlassen kann \u2013 l\u00e4sst sich aber in gewissem Umfang auch aufs Flugzeug \u00fcbertragen.<\/p>\n\n\n\n<p>Dabei geht es um Bel\u00e4stigungs- wie weitergehende Gewaltszenarien \u2013 Fassen, Greifen, W\u00fcrgen, Schlagen, Treten im Gang wie im Sitzen; von Angreifern, die stehen, neben einem sitzen oder von hinten kommen\u2026 Achtung: Aufgrund des erh\u00f6hten Verletzungspotenzials \u2013 das Inventar des Busses ist original und nicht gepolstert o.\u00e4. \u2013 sind Schutzelemente wie Unterarm-, Ellbogen-, Schienbein- und andere Schoner Pflicht!<\/p>\n\n\n\n<figure class=\"wp-block-table\"><table><tbody><tr><td><strong>Termine f\u00fcr 2024:<\/strong><br>Derzeit Termine nur auf Vereinbarung.<br><strong><a href=\"https:\/\/www.bechmann.org\/roninkravmaga\/anmeldung-konditionen\/\">Anmeldung &amp; AGB<\/a><\/strong><\/td><\/tr><\/tbody><\/table><\/figure>\n\n\n\n<hr class=\"wp-block-separator has-alpha-channel-opacity\"\/>\n\n\n\n<h3 class=\"wp-block-heading\" id=\"seminar-selbstverteidigung-mit-simple-weapons\"><a><\/a> Seminar: Selbstverteidigung mit \u201eSimple Weapons\u201c<\/h3>\n\n\n\n<p>Der Einsatz mit Alltagsgegenst\u00e4nden geh\u00f6rt zum Standard des Krav Maga und somit zum Inhalt des regul\u00e4ren Trainings. \u201eCommon Objects\u201c lassen sich aber zu \u201eSimple Weapons\u201c erweitern \u2013 etwa Pfefferspray, Kubotan bzw. Kubotan-Formen wie Taschenlampen und <em>Tactical Pens<\/em>, Regenschirm, Spazier- und Wanderstock, sowie Schlagstock-Arten und \u00e4hnlichem, sowie der defensive Einsatz von Stich- und Schnittwaffen. Letztere besonders vor dem Hintergrund, diese nach einer erfolgreichen Entwaffnung des Gegners zum Eigenschutz zu nutzen.<\/p>\n\n\n\n<p>Dabei hat das Krav Maga-Motto \u201ekeep it simple &amp; stupid\u201c Bestand und f\u00fchrt der Umgang mit diesen Gegenst\u00e4nden nicht zum Bruch mit Prinzipien, Techniken und Taktiken des Krav Maga. Im Gegenteil: Inhalt des Seminars ist das reibungslose Einpassen ins Krav Maga nur mit Hand und Fu\u00df.<\/p>\n\n\n\n<p>Gewahrt wird dabei die gesetzlich gebotene Verh\u00e4ltnism\u00e4\u00dfigkeit der Mittel wie die Beachtung der Notwehrparagraphen. Auch ber\u00fccksichtigt das Seminar die M\u00f6glichkeit, u.U. eine gef\u00e4hrliche oder schwere K\u00f6rperverletzung durch den Einsatz dieser Mittel zu begehen.<\/p>\n\n\n\n<p>Das dreist\u00fcndige Seminar ist f\u00fcr Jedermann. Wenn vorhanden, Schutzbrillen und pers\u00f6nliche Schutzausr\u00fcstung mitbringen. Zum Einsatz kommende Helme, Schutzwesten oder Vollschutzanz\u00fcge werden ggfls. gestellt.<\/p>\n\n\n\n<figure class=\"wp-block-table\"><table><tbody><tr><td><strong>Termine f\u00fcr 2024:<\/strong><br>Derzeit Termine nur auf Vereinbarung.<br><strong><a href=\"https:\/\/www.bechmann.org\/roninkravmaga\/anmeldung-konditionen\/\">Anmeldung &amp; AGB<\/a><\/strong><\/td><\/tr><\/tbody><\/table><\/figure>\n\n\n\n<h3 class=\"wp-block-heading\" id=\"seminar-selbstverteidigung-mit-schirm-und-stock\"><a><\/a>Seminar: Selbstverteidigung mit Schirm und Stock<\/h3>\n\n\n\n<p>Der Einsatz mit Alltagsgegenst\u00e4nden geh\u00f6rt zum Standard des Krav Maga und somit zum Inhalt des regul\u00e4ren Trainings. Dar\u00fcber hinaus aber: Mit dem unzerbrechlichem SV-Regenschirm oder jedem Spazier- bzw. (Teleskop-) Wanderst\u00f6cken kann man sich hervorragend verteidigen \u2013 wenn man es gelernt hat. Ob im Alltag oder im Ausland, mit einem unverf\u00e4nglichen Schirm oder Stock kann man ein hochwirksames Verteidigungsmittel ganz besonders gegen Angriffe mit Waffen bei sich f\u00fchren.<\/p>\n\n\n\n<p>Dabei hat das Krav Maga-Motto \u201ckeep it simple &amp; stupid\u201d Bestand und f\u00fchrt der Umgang mit diesen Gegenst\u00e4nden nicht zum Bruch mit Prinzipien, Techniken und Taktiken des Krav Maga. Im Gegenteil: Inhalt des dreist\u00fcndigen Seminars ist das reibungslose Einpassen ins Krav Maga nur mit Hand und Fu\u00df.<\/p>\n\n\n\n<figure class=\"wp-block-table\"><table><tbody><tr><td><strong>Termine f\u00fcr 2024:<\/strong><br>Derzeit Termine nur auf Vereinbarung.<br><strong><a href=\"https:\/\/www.bechmann.org\/roninkravmaga\/anmeldung-konditionen\/\">Anmeldung &amp; AGB<\/a><\/strong><\/td><\/tr><\/tbody><\/table><\/figure>\n\n\n\n<h3 class=\"wp-block-heading\" id=\"seminar-modern-tonfa-rrb-rapid-rotation-baton\"><a><\/a>Seminar: Modern Tonfa &amp; RRB (Rapid Rotation Baton)<\/h3>\n\n\n\n<p>St\u00f6cke und ihre Abwandlungen, wie etwa die Tonfa und des japanischen Sais in seiner modernen Ausf\u00fchrung namens RRB (Rapid Rotation Baton), sind praktische Hilfsmittel in der Selbstverteidigung. Dabei gilt das Krav Maga-Motto \u201ekeep it simple &amp; stupid und f\u00fchrt der Umgang mit diesen Gegenst\u00e4nden nicht zum Bruch mit Prinzipien, Techniken und Taktiken des Krav Maga. Im Gegenteil: Inhalt des Seminars sind einfache Techniken und Taktiken in Blockade und Gegenwehr sowie das reibungslose Einpassen ins waffenlose Krav Maga. Gerade die Tonfa spielt hierbei wegen ihrer Bau- und Trageweise und den damit einhergehenden vielf\u00e4ltigen Einsatzweisen wie auch ihrer Effizienz sowohl im \u201esimple &amp; stupid\u201c-Modus wie auch bei komplexeren Anwendungen (Hebeln und Festlegen) eine besondere Rolle; ebenso aber der seltener vorkommende RRB.<\/p>\n\n\n\n<p>Das Seminar lehrt den Umgang mit der Tonfa bzw. des RRB sowohl als stock-ad\u00e4quates Mittel als auch in ihren speziellen M\u00f6glichkeiten. Gewahrt wird dabei die gesetzlich gebotene Verh\u00e4ltnism\u00e4\u00dfigkeit der Mittel wie die Beachtung der Notwehrparagraphen. Auch ber\u00fccksichtigt das Seminar die Gefahr, u.U. eine gef\u00e4hrliche oder schwere K\u00f6rperverletzung durch den Einsatz dieser Mittel zu begehen.<\/p>\n\n\n\n<p>Nach \u00a7 42a Waffengesetz ist das <strong>F\u00fchren<\/strong>* von Tonfas bzw. RRB in Deutschland grunds\u00e4tzlich verboten. Ausgenommen von dieser Regelung ist die Verwendung bei Foto-, Film- oder Fernsehaufnahmen, Theaterauff\u00fchrungen, der Transport in einem verschlossenen Beh\u00e4ltnis oder das F\u00fchren im Rahmen eines berechtigten Interesses, was beispielsweise im Zusammenhang mit der Berufsaus\u00fcbung, der Brauchtumspflege, dem Sport oder einem allgemein anerkannten Zweck gegeben ist.<\/p>\n\n\n\n<p>Das dreist\u00fcndige Seminar ist f\u00fcr jedermann. Wenn vorhanden, Schutzbrillen und pers\u00f6nliche Schutzausr\u00fcstung mitbringen. Zum Einsatz kommende Helme, Schutzwesten oder Vollschutzanz\u00fcge werden ggfls. gestellt.<\/p>\n\n\n\n<ul class=\"wp-block-list\">\n<li>Unter <strong>F\u00fchren <\/strong>ist vereinfacht das zugriffsbereite Tragen der Waffe im unmittelbaren Einwirkungsbereich (am G\u00fcrtel, in der Jacke etc.) au\u00dferhalb des eigenen befriedeten Besitztums bzw. der Gesch\u00e4ftsr\u00e4ume zu verstehen. Ausnahmen von dem F\u00fchrverbot sind im Zusammenhang mit Sport m\u00f6glich.<\/li>\n<\/ul>\n\n\n\n<figure class=\"wp-block-table\"><table><tbody><tr><td><strong>Termine f\u00fcr 2024:<\/strong><br>Derzeit Termine nur auf Vereinbarung.<br><strong><a href=\"https:\/\/www.bechmann.org\/roninkravmaga\/anmeldung-konditionen\/\">Anmeldung &amp; AGB<\/a><\/strong><\/td><\/tr><\/tbody><\/table><\/figure>\n\n\n\n<hr class=\"wp-block-separator has-alpha-channel-opacity\"\/>\n\n\n\n<h3 class=\"wp-block-heading\" id=\"selbstverteidigungsseminare-und-kurse-fur-angehorige-bestimmter-berufe\"><a><\/a>Selbstverteidigungsseminare und -kurse f\u00fcr Angeh\u00f6rige bestimmter Berufe<\/h3>\n\n\n\n<p>Eine Reihe von Berufen bringen erh\u00f6hte Gef\u00e4hrdungsrisiken mit sich. \u00c4hnlich wie f\u00fcr Polizisten und Security-Mitarbeiter, Sozialp\u00e4dagogen und -arbeiter bieten wir an die speziellen Bed\u00fcrfnisse angepasste SV-Seminare und -Kurse f\u00fcr<\/p>\n\n\n\n<ul class=\"wp-block-list\">\n<li>in geschlossenen Institutionen T\u00e4tige (Justizvollzug, Heime, psychiatrische Einrichtungen)<\/li>\n\n\n\n<li>Taxifahrer und Trucker (SV besonders in und ums Auto), Carnapping-Szenarien<\/li>\n\n\n\n<li>Tankwarte\/Tankstellen-Mitarbeiter<\/li>\n\n\n\n<li>Flugbegleiter (agieren in sehr beengter Umgebung, Gef\u00e4hrdung von Dritten\/Unbeteiligten)<\/li>\n<\/ul>\n\n\n\n<figure class=\"wp-block-table\"><table><tbody><tr><td><strong>Termine f\u00fcr 2024:<\/strong><br>Derzeit Termine nur auf Vereinbarung.<\/td><\/tr><\/tbody><\/table><\/figure>\n\n\n\n<hr class=\"wp-block-separator has-alpha-channel-opacity\"\/>\n\n\n\n<h3 class=\"wp-block-heading\" id=\"selbstverteidigungsseminare-und-kurse-als-aktiv-incentive-unternehmungen\"><a><\/a>Selbstverteidigungsseminare und -kurse als Aktiv-, Incentive-Unternehmungen<\/h3>\n\n\n\n<p>Managern bzw. Firmen bieten wir die M\u00f6glichkeit, Krav Maga-Unterricht \u2013 gestaltet nach individuellen W\u00fcnschen und Zielvorgaben \u2013 zu organisieren.<\/p>\n\n\n\n<figure class=\"wp-block-table\"><table><tbody><tr><td><strong>Termine f\u00fcr 2024:<\/strong><br>Derzeit Termine nur auf Vereinbarung.<\/td><\/tr><\/tbody><\/table><\/figure>\n\n\n\n<hr class=\"wp-block-separator has-alpha-channel-opacity\"\/>\n\n\n\n<h3 class=\"wp-block-heading\" id=\"privat-individualtraining-bzw-seminare-mit-individuellem-zuschnitt\"><a><\/a>Privat-\/Individualtraining bzw. Seminare mit individuellem Zuschnitt<\/h3>\n\n\n\n<p>Inhalte und Umst\u00e4nde sind frei zu bestimmen. Sie werden sich aber auch bei kampfsporterfahrenen Klienten an den Inhalten des KM-Basisseminars orientieren, um Verst\u00e4ndnis f\u00fcr Krav Maga als System zu entwickeln.<\/p>\n\n\n\n<figure class=\"wp-block-table\"><table><tbody><tr><td><strong>Termine 2024:<\/strong><br><em>Auf Anfrage\u00a0<\/em><\/td><\/tr><\/tbody><\/table><\/figure>\n","protected":false},"excerpt":{"rendered":"<p>Seminare &amp; Kurse, Workshops &amp; Camps werden an verschiedenen Indoor- &amp; Outdoor-Locations im Rhein-Main-Gebiet veranstaltet und k\u00f6nnen au\u00dferdem von Sport- und anderen Vereinen, Kampfsportclubs und Fitnessstudios, Beh\u00f6rden, Firmen, Ausbildungs- und Privatgruppen in deren R\u00e4umen \u2013 je nach Interesse und Vorerfahrung der Teilnehmer \u2013 gebucht werden. Ihre Ausrichtung richtet sich nach den jeweils speziellen Konfrontations- und [&hellip;]<\/p>\n","protected":false},"author":1,"featured_media":0,"parent":6961,"menu_order":2,"comment_status":"closed","ping_status":"closed","template":"","meta":{"jetpack_post_was_ever_published":false,"footnotes":""},"class_list":["post-6973","page","type-page","status-publish","hentry"],"jetpack_shortlink":"https:\/\/wp.me\/P4DyUk-1Ot","jetpack-related-posts":[{"id":6959,"url":"https:\/\/www.bechmann.org\/amphibium\/roninkravmaga\/","url_meta":{"origin":6973,"position":0},"title":"roninkravmaga","author":"Oliver","date":"17. August 2023","format":false,"excerpt":"[Das Nachfolge-Projekt des Krav Maga Centers Frankfurt\/Rhein-Main] r\u014dnin \u6d6a\u4eba, jap. w\u00f6rtl. \u201eWellenmann\u201c, lit. \u201eumherwandernde Person\u201ckrav maga \u05e7\u05e8\u05d1 \u05de\u05d2\u05e2 , hebr., w\u00f6rtl. \u201eKontaktkampf\u201c roninkravmaga bietet als mobile Schule Seminare & Kurse, Workshops & Camps zur k\u00f6rperlichen, seelischen & geistigen Fitness in herausfordernden Umst\u00e4nden an. Dabei geht es nicht nur um physisches\u2026","rel":"","context":"In &quot;Land&quot;","block_context":{"text":"Land","link":"https:\/\/www.bechmann.org\/amphibium\/category\/land\/"},"img":{"alt_text":"","src":"https:\/\/i0.wp.com\/www.bechmann.org\/amphibium\/wp-content\/uploads\/cropped-RKM_Graphik_schmal-1.jpg?fit=1200%2C496&ssl=1&resize=350%2C200","width":350,"height":200,"srcset":"https:\/\/i0.wp.com\/www.bechmann.org\/amphibium\/wp-content\/uploads\/cropped-RKM_Graphik_schmal-1.jpg?fit=1200%2C496&ssl=1&resize=350%2C200 1x, https:\/\/i0.wp.com\/www.bechmann.org\/amphibium\/wp-content\/uploads\/cropped-RKM_Graphik_schmal-1.jpg?fit=1200%2C496&ssl=1&resize=525%2C300 1.5x, https:\/\/i0.wp.com\/www.bechmann.org\/amphibium\/wp-content\/uploads\/cropped-RKM_Graphik_schmal-1.jpg?fit=1200%2C496&ssl=1&resize=700%2C400 2x, https:\/\/i0.wp.com\/www.bechmann.org\/amphibium\/wp-content\/uploads\/cropped-RKM_Graphik_schmal-1.jpg?fit=1200%2C496&ssl=1&resize=1050%2C600 3x"},"classes":[]},{"id":6961,"url":"https:\/\/www.bechmann.org\/amphibium\/roninkravmaga\/krav-maga\/","url_meta":{"origin":6973,"position":1},"title":"Krav Maga","author":"Oliver","date":"19. August 2023","format":false,"excerpt":"Krav Maga ist die Nahkampfmethode des israelischen Milit\u00e4rs. Ihr Begr\u00fcnder Imi Lichtenfeld und sein wichtigster Sch\u00fcler Eyal Yanilov erm\u00f6glichten es Anfang der 90er Jahre des vorigen Jahrhunderts, dass nicht nur professionelle Berufsanwender wie Soldaten, Polizisten, Personensch\u00fctzer und Security-Personal Krav Maga trainieren konnten, sondern weltweit auch Zivilb\u00fcrger. Was uns wichtig ist:\u2026","rel":"","context":"\u00c4hnlicher Beitrag","block_context":{"text":"\u00c4hnlicher Beitrag","link":""},"img":{"alt_text":"","src":"https:\/\/i0.wp.com\/www.bechmann.org\/amphibium\/wp-content\/uploads\/cropped-RKM_Graphik_schmal-1.jpg?fit=1200%2C496&ssl=1&resize=350%2C200","width":350,"height":200,"srcset":"https:\/\/i0.wp.com\/www.bechmann.org\/amphibium\/wp-content\/uploads\/cropped-RKM_Graphik_schmal-1.jpg?fit=1200%2C496&ssl=1&resize=350%2C200 1x, https:\/\/i0.wp.com\/www.bechmann.org\/amphibium\/wp-content\/uploads\/cropped-RKM_Graphik_schmal-1.jpg?fit=1200%2C496&ssl=1&resize=525%2C300 1.5x, https:\/\/i0.wp.com\/www.bechmann.org\/amphibium\/wp-content\/uploads\/cropped-RKM_Graphik_schmal-1.jpg?fit=1200%2C496&ssl=1&resize=700%2C400 2x, https:\/\/i0.wp.com\/www.bechmann.org\/amphibium\/wp-content\/uploads\/cropped-RKM_Graphik_schmal-1.jpg?fit=1200%2C496&ssl=1&resize=1050%2C600 3x"},"classes":[]},{"id":2,"url":"https:\/\/www.bechmann.org\/amphibium\/ueberdasamphibium\/","url_meta":{"origin":6973,"position":2},"title":"\u00dcber uns","author":"Oliver","date":"15. Mai 2014","format":false,"excerpt":"Das Amphibium - mobiles Leben zu Land, Wasser, Luft Ein Amphibium ist ein Lebewesen, das sowohl im Wasser, am Wasser und an Land lebt und in beiden Sph\u00e4ren gleicherma\u00dfen existieren kann. Luft braucht es zum Atmen, aber es kann nicht fliegen. Dornier Flugboot Do 24 ATT Als Anfang des vorigen\u2026","rel":"","context":"\u00c4hnlicher Beitrag","block_context":{"text":"\u00c4hnlicher Beitrag","link":""},"img":{"alt_text":"","src":"https:\/\/i0.wp.com\/www.bechmann.org\/amphibium\/wp-content\/uploads\/ojbNr5_kl.jpeg?resize=350%2C200&ssl=1","width":350,"height":200,"srcset":"https:\/\/i0.wp.com\/www.bechmann.org\/amphibium\/wp-content\/uploads\/ojbNr5_kl.jpeg?resize=350%2C200&ssl=1 1x, https:\/\/i0.wp.com\/www.bechmann.org\/amphibium\/wp-content\/uploads\/ojbNr5_kl.jpeg?resize=525%2C300&ssl=1 1.5x, https:\/\/i0.wp.com\/www.bechmann.org\/amphibium\/wp-content\/uploads\/ojbNr5_kl.jpeg?resize=700%2C400&ssl=1 2x, https:\/\/i0.wp.com\/www.bechmann.org\/amphibium\/wp-content\/uploads\/ojbNr5_kl.jpeg?resize=1050%2C600&ssl=1 3x, https:\/\/i0.wp.com\/www.bechmann.org\/amphibium\/wp-content\/uploads\/ojbNr5_kl.jpeg?resize=1400%2C800&ssl=1 4x"},"classes":[]},{"id":6979,"url":"https:\/\/www.bechmann.org\/amphibium\/roninkravmaga\/mindfulness-based-stress-reduction-mbsr\/mbsr-achtsamkeitsschulung\/","url_meta":{"origin":6973,"position":3},"title":"MBSR-Achtsamkeitsschulung","author":"Oliver","date":"19. August 2023","format":false,"excerpt":"Achtsamkeit nach dem MBSR-Programm ist ein seit 30 Jahren erprobtes und wissenschaftlich evaluiertes Verfahren, mit dem unvermeidlichen Stress und Schmerz im Leben besser umgehen zu lernen. Entwickelt wurde das \u201eMindfulness-Based-Stress-Reduction\u201c-Training von Jon Kabat-Zinn, einem Verhaltensmediziner und Molekularbiologen. Im achtw\u00f6chigen MBSR-Training lernt man ein kraftvolles, neurowissenschaftlich fundiertes Stressmanagement kennen, das hilft,\u2026","rel":"","context":"\u00c4hnlicher Beitrag","block_context":{"text":"\u00c4hnlicher Beitrag","link":""},"img":{"alt_text":"","src":"https:\/\/i0.wp.com\/www.bechmann.org\/amphibium\/wp-content\/uploads\/cropped-RKM_Graphik_schmal-1.jpg?fit=1200%2C496&ssl=1&resize=350%2C200","width":350,"height":200,"srcset":"https:\/\/i0.wp.com\/www.bechmann.org\/amphibium\/wp-content\/uploads\/cropped-RKM_Graphik_schmal-1.jpg?fit=1200%2C496&ssl=1&resize=350%2C200 1x, https:\/\/i0.wp.com\/www.bechmann.org\/amphibium\/wp-content\/uploads\/cropped-RKM_Graphik_schmal-1.jpg?fit=1200%2C496&ssl=1&resize=525%2C300 1.5x, https:\/\/i0.wp.com\/www.bechmann.org\/amphibium\/wp-content\/uploads\/cropped-RKM_Graphik_schmal-1.jpg?fit=1200%2C496&ssl=1&resize=700%2C400 2x, https:\/\/i0.wp.com\/www.bechmann.org\/amphibium\/wp-content\/uploads\/cropped-RKM_Graphik_schmal-1.jpg?fit=1200%2C496&ssl=1&resize=1050%2C600 3x"},"classes":[]},{"id":6965,"url":"https:\/\/www.bechmann.org\/amphibium\/roninkravmaga\/mindfulness-based-stress-reduction-mbsr\/","url_meta":{"origin":6973,"position":4},"title":"Mindfulness Based Stress Reduction (MBSR)","author":"Oliver","date":"19. August 2023","format":false,"excerpt":"Stress im Job oder Verlust des Arbeitsplatzes, Beziehung gescheitert oder \u00c4rger mit dem Nachwuchs, demente Eltern, eine lebensbedrohliche Krankheit \u2013 das\u00a0\u00a0kann jede und jeden treffen. Manche Menschen zerbrechen an Schicksalsschl\u00e4gen, werden drogen-, alkohol- oder medikamentenabh\u00e4ngig, verfallen in Burn-out und Depression. Andere haben st\u00e4rkere Ressourcen, um Krisen zu \u00fcberstehen: Diese innere\u2026","rel":"","context":"\u00c4hnlicher Beitrag","block_context":{"text":"\u00c4hnlicher Beitrag","link":""},"img":{"alt_text":"","src":"https:\/\/i0.wp.com\/www.bechmann.org\/amphibium\/wp-content\/uploads\/cropped-RKM_Graphik_schmal-1.jpg?fit=1200%2C496&ssl=1&resize=350%2C200","width":350,"height":200,"srcset":"https:\/\/i0.wp.com\/www.bechmann.org\/amphibium\/wp-content\/uploads\/cropped-RKM_Graphik_schmal-1.jpg?fit=1200%2C496&ssl=1&resize=350%2C200 1x, https:\/\/i0.wp.com\/www.bechmann.org\/amphibium\/wp-content\/uploads\/cropped-RKM_Graphik_schmal-1.jpg?fit=1200%2C496&ssl=1&resize=525%2C300 1.5x, https:\/\/i0.wp.com\/www.bechmann.org\/amphibium\/wp-content\/uploads\/cropped-RKM_Graphik_schmal-1.jpg?fit=1200%2C496&ssl=1&resize=700%2C400 2x, https:\/\/i0.wp.com\/www.bechmann.org\/amphibium\/wp-content\/uploads\/cropped-RKM_Graphik_schmal-1.jpg?fit=1200%2C496&ssl=1&resize=1050%2C600 3x"},"classes":[]},{"id":6963,"url":"https:\/\/www.bechmann.org\/amphibium\/roninkravmaga\/kobudo\/","url_meta":{"origin":6973,"position":5},"title":"Kobudo","author":"Oliver","date":"19. August 2023","format":false,"excerpt":"Kobudo ist ein Teil der traditionellen japanischen Kampfk\u00fcnste und lehrt \u00fcberwiegend den Umgang mit Instrumenten, die die Bauern Okinawas aus agrarischen Hilfsinstrumenten entwickelten. Dazu kommen verschiedene Stock-Formen. (Definition Kobudo in der Wikipedia). Zuweilen \u00fcbt man auch den Umgang mit dem japanischen traditionellen Schwert (Katana), um den Angreifer sinnvoll simulieren zu\u2026","rel":"","context":"\u00c4hnlicher Beitrag","block_context":{"text":"\u00c4hnlicher Beitrag","link":""},"img":{"alt_text":"","src":"https:\/\/i0.wp.com\/www.bechmann.org\/amphibium\/wp-content\/uploads\/cropped-RKM_Graphik_schmal-1.jpg?fit=1200%2C496&ssl=1&resize=350%2C200","width":350,"height":200,"srcset":"https:\/\/i0.wp.com\/www.bechmann.org\/amphibium\/wp-content\/uploads\/cropped-RKM_Graphik_schmal-1.jpg?fit=1200%2C496&ssl=1&resize=350%2C200 1x, https:\/\/i0.wp.com\/www.bechmann.org\/amphibium\/wp-content\/uploads\/cropped-RKM_Graphik_schmal-1.jpg?fit=1200%2C496&ssl=1&resize=525%2C300 1.5x, https:\/\/i0.wp.com\/www.bechmann.org\/amphibium\/wp-content\/uploads\/cropped-RKM_Graphik_schmal-1.jpg?fit=1200%2C496&ssl=1&resize=700%2C400 2x, https:\/\/i0.wp.com\/www.bechmann.org\/amphibium\/wp-content\/uploads\/cropped-RKM_Graphik_schmal-1.jpg?fit=1200%2C496&ssl=1&resize=1050%2C600 3x"},"classes":[]}],"jetpack_sharing_enabled":true,"_links":{"self":[{"href":"https:\/\/www.bechmann.org\/amphibium\/wp-json\/wp\/v2\/pages\/6973","targetHints":{"allow":["GET"]}}],"collection":[{"href":"https:\/\/www.bechmann.org\/amphibium\/wp-json\/wp\/v2\/pages"}],"about":[{"href":"https:\/\/www.bechmann.org\/amphibium\/wp-json\/wp\/v2\/types\/page"}],"author":[{"embeddable":true,"href":"https:\/\/www.bechmann.org\/amphibium\/wp-json\/wp\/v2\/users\/1"}],"replies":[{"embeddable":true,"href":"https:\/\/www.bechmann.org\/amphibium\/wp-json\/wp\/v2\/comments?post=6973"}],"version-history":[{"count":4,"href":"https:\/\/www.bechmann.org\/amphibium\/wp-json\/wp\/v2\/pages\/6973\/revisions"}],"predecessor-version":[{"id":8114,"href":"https:\/\/www.bechmann.org\/amphibium\/wp-json\/wp\/v2\/pages\/6973\/revisions\/8114"}],"up":[{"embeddable":true,"href":"https:\/\/www.bechmann.org\/amphibium\/wp-json\/wp\/v2\/pages\/6961"}],"wp:attachment":[{"href":"https:\/\/www.bechmann.org\/amphibium\/wp-json\/wp\/v2\/media?parent=6973"}],"curies":[{"name":"wp","href":"https:\/\/api.w.org\/{rel}","templated":true}]}}