{"id":6965,"date":"2023-08-19T18:58:23","date_gmt":"2023-08-19T16:58:23","guid":{"rendered":"https:\/\/www.bechmann.org\/amphibium\/?page_id=6965"},"modified":"2024-04-27T20:05:13","modified_gmt":"2024-04-27T18:05:13","slug":"mindfulness-based-stress-reduction-mbsr","status":"publish","type":"page","link":"https:\/\/www.bechmann.org\/amphibium\/roninkravmaga\/mindfulness-based-stress-reduction-mbsr\/","title":{"rendered":"Mindfulness Based Stress Reduction (MBSR)"},"content":{"rendered":"\n<p>Stress im Job oder Verlust des Arbeitsplatzes, Beziehung gescheitert oder \u00c4rger mit dem Nachwuchs, demente Eltern, eine lebensbedrohliche Krankheit \u2013 das&nbsp;&nbsp;kann jede und jeden treffen. Manche Menschen zerbrechen an Schicksalsschl\u00e4gen, werden drogen-, alkohol- oder medikamentenabh\u00e4ngig, verfallen in Burn-out und Depression. Andere haben st\u00e4rkere Ressourcen, um Krisen zu \u00fcberstehen: Diese innere Widerstandskraft nennt man in der Psychologie \u201eResilienz\u201c \u2013 und sie ist ebenso wie physische Fitness trainierbar.<\/p>\n\n\n\n<p>Das Wort \u201eResilienz\u201c stammt wie \u201eStress\u201c aus der Werkstoffkunde. Resilient ist, was sich unter einer Belastung zwar verformt, aber nach dieser Belastung seine urspr\u00fcngliche Form wieder annimmt. Im Kontext asiatischer Philosophie kann man den Bambus als resilient bezeichnen \u2013 er ist sowohl hart wie biegsam und er biegt sich im Sturm, bricht aber nicht.<\/p>\n\n\n\n<p>Eine hohere Resilienz bei Menschen bedeutet analog zum Bambus eigentlich ein starkes inneres Immunsystem \u2013 manchmal schw\u00e4chelt der Organismus unterm dem Ansturm feindlicher Eindringlinge, aber er kommt wieder auf die Beine und zeigt sich letztlich gest\u00e4rkt. Die eigene Resilienz zu f\u00f6rdern, hat also etwas mit pr\u00e4ventivem Training zu tun.<\/p>\n\n\n\n<blockquote class=\"wp-block-quote is-layout-flow wp-block-quote-is-layout-flow\">\n<p>there is no path to mindfulness; mindfulness is itself is the path<\/p>\n<cite>Jerry Lynch, Chungliang Al Huang: <em>Spirit of the Dancing Warrior<\/em><\/cite><\/blockquote>\n\n\n\n<p>Insofern ist eine prophylaktische St\u00e4rkung wichtig, etwa durch achtsamkeitsbasierte Verfahren. Achtsamkeit entwickelt die F\u00e4higkeit, die Dinge um uns herum gleicherma\u00dfen wie die Dinge in uns zu betrachten \u2013 bzw. ihre Wechselwirkung. Wir lernen unsere eigenen mentalen Muster zu erkennen. Das gibt uns die M\u00f6glichkeit, aus unserem konditionierten Autopilot-Modus auszusteigen und eine Wahl bzw. eine Entscheidung zu treffen.<\/p>\n\n\n\n<p>Achtsamkeit kultiviert die Gleichmut gegen\u00fcber den Unsicherheiten des Lebens und den st\u00e4ndigen Wechseln und \u00c4nderungen. Die moderne Hirnforschung (\u201eNeuroscience\u201c) zeigt mit Gehirn-Scans, dass die Achtsamkeits-Praxis nachweisliche \u00c4nderungen in den Regionen hervorruft, die mit Fokus und Emotionskontrolle in Verbindung gebracht werden. Gehirn- und Verhaltensstrukturen lassen sich \u00e4ndern \u2013 Hirnforscher sprechen hierbei von Neuroplastizit\u00e4t \u2013 und dabei wirksam sind Meditation und andere Achtsamkeits-Verfahren.<\/p>\n\n\n\n<p>Das bekannteste und klinisch evaluierteste Verfahren ist die \u201eStressbew\u00e4ltigung durch Achtsamkeit\u201c (<em>Mindfulness Based Stress Reduction<\/em>, kurz MBSR) in Form eines achtw\u00f6chigen Kurses, den <em>roninkravmaga<\/em> anbietet (mehr dazu unter -&gt; <a href=\"https:\/\/www.bechmann.org\/amphibium\/roninkravmaga\/mindfulness-based-stress-reduction-mbsr\/mbsr-achtsamkeitsschulung\/\" data-type=\"page\" data-id=\"6979\">MBSR-Achtwochenkurs\u2026<\/a>).<\/p>\n\n\n\n<hr class=\"wp-block-separator has-alpha-channel-opacity\"\/>\n\n\n\n<p><strong>Siehe auch folgende Blog-Beitr\u00e4ge:<\/strong><br>&#8211; <a href=\"https:\/\/www.bechmann.org\/amphibium\/krav-maga-mbsr-kampf-meditation\/\" data-type=\"post\" data-id=\"6996\">Krav Maga &amp; MBSR, Kampf &amp; Meditation<\/a><br>&#8211; <a href=\"https:\/\/www.bechmann.org\/amphibium\/was-hat-krav-maga-mit-mbsr-zu-tun\/\" data-type=\"post\" data-id=\"6993\">Was hat Krav Maga mit MBSR zu tun?<\/a><\/p>\n","protected":false},"excerpt":{"rendered":"<p>Stress im Job oder Verlust des Arbeitsplatzes, Beziehung gescheitert oder \u00c4rger mit dem Nachwuchs, demente Eltern, eine lebensbedrohliche Krankheit \u2013 das&nbsp;&nbsp;kann jede und jeden treffen. Manche Menschen zerbrechen an Schicksalsschl\u00e4gen, werden drogen-, alkohol- oder medikamentenabh\u00e4ngig, verfallen in Burn-out und Depression. Andere haben st\u00e4rkere Ressourcen, um Krisen zu \u00fcberstehen: Diese innere Widerstandskraft nennt man in der [&hellip;]<\/p>\n","protected":false},"author":1,"featured_media":7432,"parent":6959,"menu_order":3,"comment_status":"closed","ping_status":"closed","template":"","meta":{"jetpack_post_was_ever_published":true,"footnotes":""},"class_list":["post-6965","page","type-page","status-publish","has-post-thumbnail","hentry"],"jetpack_shortlink":"https:\/\/wp.me\/P4DyUk-1Ol","jetpack-related-posts":[{"id":2,"url":"https:\/\/www.bechmann.org\/amphibium\/ueberdasamphibium\/","url_meta":{"origin":6965,"position":0},"title":"\u00dcber uns","author":"Oliver","date":"15. Mai 2014","format":false,"excerpt":"Das Amphibium - mobiles Leben zu Land, Wasser, Luft Ein Amphibium ist ein Lebewesen, das sowohl im Wasser, am Wasser und an Land lebt und in beiden Sph\u00e4ren gleicherma\u00dfen existieren kann. Luft braucht es zum Atmen, aber es kann nicht fliegen. Dornier Flugboot Do 24 ATT Als Anfang des vorigen\u2026","rel":"","context":"\u00c4hnlicher Beitrag","block_context":{"text":"\u00c4hnlicher Beitrag","link":""},"img":{"alt_text":"","src":"https:\/\/i0.wp.com\/www.bechmann.org\/amphibium\/wp-content\/uploads\/ojbNr5_kl.jpeg?resize=350%2C200&ssl=1","width":350,"height":200,"srcset":"https:\/\/i0.wp.com\/www.bechmann.org\/amphibium\/wp-content\/uploads\/ojbNr5_kl.jpeg?resize=350%2C200&ssl=1 1x, https:\/\/i0.wp.com\/www.bechmann.org\/amphibium\/wp-content\/uploads\/ojbNr5_kl.jpeg?resize=525%2C300&ssl=1 1.5x, https:\/\/i0.wp.com\/www.bechmann.org\/amphibium\/wp-content\/uploads\/ojbNr5_kl.jpeg?resize=700%2C400&ssl=1 2x, https:\/\/i0.wp.com\/www.bechmann.org\/amphibium\/wp-content\/uploads\/ojbNr5_kl.jpeg?resize=1050%2C600&ssl=1 3x, https:\/\/i0.wp.com\/www.bechmann.org\/amphibium\/wp-content\/uploads\/ojbNr5_kl.jpeg?resize=1400%2C800&ssl=1 4x"},"classes":[]},{"id":6973,"url":"https:\/\/www.bechmann.org\/amphibium\/roninkravmaga\/krav-maga\/krav-maga-seminare-kurse\/","url_meta":{"origin":6965,"position":1},"title":"Krav Maga-Seminare &amp; Kurse","author":"Oliver","date":"19. August 2023","format":false,"excerpt":"Seminare & Kurse, Workshops & Camps werden an verschiedenen Indoor- & Outdoor-Locations im Rhein-Main-Gebiet veranstaltet und k\u00f6nnen au\u00dferdem von Sport- und anderen Vereinen, Kampfsportclubs und Fitnessstudios, Beh\u00f6rden, Firmen, Ausbildungs- und Privatgruppen in deren R\u00e4umen \u2013 je nach Interesse und Vorerfahrung der Teilnehmer \u2013 gebucht werden. Ihre Ausrichtung richtet sich nach\u2026","rel":"","context":"\u00c4hnlicher Beitrag","block_context":{"text":"\u00c4hnlicher Beitrag","link":""},"img":{"alt_text":"","src":"","width":0,"height":0},"classes":[]},{"id":6967,"url":"https:\/\/www.bechmann.org\/amphibium\/roninkravmaga\/coyote-mentoring-wildnispaedagogik\/","url_meta":{"origin":6965,"position":2},"title":"Coyote Mentoring (Wildnisp\u00e4dagogik)","author":"Oliver","date":"19. August 2023","format":false,"excerpt":"Menschen sollten sich mit der Natur verbinden, um Kreativit\u00e4t und Phantasie, innere Ruhe und Reichtum, Spontanit\u00e4t und die F\u00e4higkeit zu entwickeln, mit unvorhergesehenen oder sich unvermutet \u00e4ndernden Situationen umzugehen. Naturwissen und Verbindungen zur Natur wurden bei so genannten archaischen J\u00e4ger- und Sammlerv\u00f6lkern von Generation zu Generation weitergegeben. Leben und Lernen\u2026","rel":"","context":"\u00c4hnlicher Beitrag","block_context":{"text":"\u00c4hnlicher Beitrag","link":""},"img":{"alt_text":"","src":"https:\/\/i0.wp.com\/www.bechmann.org\/amphibium\/wp-content\/uploads\/cropped-RKM_Graphik_schmal-1.jpg?fit=1200%2C496&ssl=1&resize=350%2C200","width":350,"height":200,"srcset":"https:\/\/i0.wp.com\/www.bechmann.org\/amphibium\/wp-content\/uploads\/cropped-RKM_Graphik_schmal-1.jpg?fit=1200%2C496&ssl=1&resize=350%2C200 1x, https:\/\/i0.wp.com\/www.bechmann.org\/amphibium\/wp-content\/uploads\/cropped-RKM_Graphik_schmal-1.jpg?fit=1200%2C496&ssl=1&resize=525%2C300 1.5x, https:\/\/i0.wp.com\/www.bechmann.org\/amphibium\/wp-content\/uploads\/cropped-RKM_Graphik_schmal-1.jpg?fit=1200%2C496&ssl=1&resize=700%2C400 2x, https:\/\/i0.wp.com\/www.bechmann.org\/amphibium\/wp-content\/uploads\/cropped-RKM_Graphik_schmal-1.jpg?fit=1200%2C496&ssl=1&resize=1050%2C600 3x"},"classes":[]},{"id":6959,"url":"https:\/\/www.bechmann.org\/amphibium\/roninkravmaga\/","url_meta":{"origin":6965,"position":3},"title":"roninkravmaga","author":"Oliver","date":"17. August 2023","format":false,"excerpt":"[Das Nachfolge-Projekt des Krav Maga Centers Frankfurt\/Rhein-Main] r\u014dnin \u6d6a\u4eba, jap. w\u00f6rtl. \u201eWellenmann\u201c, lit. \u201eumherwandernde Person\u201ckrav maga \u05e7\u05e8\u05d1 \u05de\u05d2\u05e2 , hebr., w\u00f6rtl. \u201eKontaktkampf\u201c roninkravmaga bietet als mobile Schule Seminare & Kurse, Workshops & Camps zur k\u00f6rperlichen, seelischen & geistigen Fitness in herausfordernden Umst\u00e4nden an. Dabei geht es nicht nur um physisches\u2026","rel":"","context":"In &quot;Land&quot;","block_context":{"text":"Land","link":"https:\/\/www.bechmann.org\/amphibium\/category\/land\/"},"img":{"alt_text":"","src":"https:\/\/i0.wp.com\/www.bechmann.org\/amphibium\/wp-content\/uploads\/cropped-RKM_Graphik_schmal-1.jpg?fit=1200%2C496&ssl=1&resize=350%2C200","width":350,"height":200,"srcset":"https:\/\/i0.wp.com\/www.bechmann.org\/amphibium\/wp-content\/uploads\/cropped-RKM_Graphik_schmal-1.jpg?fit=1200%2C496&ssl=1&resize=350%2C200 1x, https:\/\/i0.wp.com\/www.bechmann.org\/amphibium\/wp-content\/uploads\/cropped-RKM_Graphik_schmal-1.jpg?fit=1200%2C496&ssl=1&resize=525%2C300 1.5x, https:\/\/i0.wp.com\/www.bechmann.org\/amphibium\/wp-content\/uploads\/cropped-RKM_Graphik_schmal-1.jpg?fit=1200%2C496&ssl=1&resize=700%2C400 2x, https:\/\/i0.wp.com\/www.bechmann.org\/amphibium\/wp-content\/uploads\/cropped-RKM_Graphik_schmal-1.jpg?fit=1200%2C496&ssl=1&resize=1050%2C600 3x"},"classes":[]},{"id":6979,"url":"https:\/\/www.bechmann.org\/amphibium\/roninkravmaga\/mindfulness-based-stress-reduction-mbsr\/mbsr-achtsamkeitsschulung\/","url_meta":{"origin":6965,"position":4},"title":"MBSR-Achtsamkeitsschulung","author":"Oliver","date":"19. August 2023","format":false,"excerpt":"Achtsamkeit nach dem MBSR-Programm ist ein seit 30 Jahren erprobtes und wissenschaftlich evaluiertes Verfahren, mit dem unvermeidlichen Stress und Schmerz im Leben besser umgehen zu lernen. Entwickelt wurde das \u201eMindfulness-Based-Stress-Reduction\u201c-Training von Jon Kabat-Zinn, einem Verhaltensmediziner und Molekularbiologen. Im achtw\u00f6chigen MBSR-Training lernt man ein kraftvolles, neurowissenschaftlich fundiertes Stressmanagement kennen, das hilft,\u2026","rel":"","context":"\u00c4hnlicher Beitrag","block_context":{"text":"\u00c4hnlicher Beitrag","link":""},"img":{"alt_text":"","src":"https:\/\/i0.wp.com\/www.bechmann.org\/amphibium\/wp-content\/uploads\/cropped-RKM_Graphik_schmal-1.jpg?fit=1200%2C496&ssl=1&resize=350%2C200","width":350,"height":200,"srcset":"https:\/\/i0.wp.com\/www.bechmann.org\/amphibium\/wp-content\/uploads\/cropped-RKM_Graphik_schmal-1.jpg?fit=1200%2C496&ssl=1&resize=350%2C200 1x, https:\/\/i0.wp.com\/www.bechmann.org\/amphibium\/wp-content\/uploads\/cropped-RKM_Graphik_schmal-1.jpg?fit=1200%2C496&ssl=1&resize=525%2C300 1.5x, https:\/\/i0.wp.com\/www.bechmann.org\/amphibium\/wp-content\/uploads\/cropped-RKM_Graphik_schmal-1.jpg?fit=1200%2C496&ssl=1&resize=700%2C400 2x, https:\/\/i0.wp.com\/www.bechmann.org\/amphibium\/wp-content\/uploads\/cropped-RKM_Graphik_schmal-1.jpg?fit=1200%2C496&ssl=1&resize=1050%2C600 3x"},"classes":[]},{"id":6977,"url":"https:\/\/www.bechmann.org\/amphibium\/roninkravmaga\/coyote-mentoring-wildnispaedagogik\/achtsamkeit-in-der-wildnis\/","url_meta":{"origin":6965,"position":5},"title":"Achtsamkeit in der Wildnis","author":"Oliver","date":"19. August 2023","format":false,"excerpt":"K\u00e4mpfe um Leib und Leben sind existentiell, sie gehen in extremer Weise an unsere \u00e4u\u00dfere wie an unsere innere Natur \u2013 K\u00f6rper und Geist\/Seele. Alltagsk\u00e4mpfe in Beruf, Familie und Freizeit zerren an den Nerven, \u201cgehen an die Nieren\u201d. Diesen Beanspruchungen und Herausforderungen kann man h\u00e4ufig nicht ausweichen; sie sind oft\u2026","rel":"","context":"\u00c4hnlicher Beitrag","block_context":{"text":"\u00c4hnlicher Beitrag","link":""},"img":{"alt_text":"","src":"https:\/\/i0.wp.com\/www.bechmann.org\/amphibium\/wp-content\/uploads\/cropped-RKM_Graphik_schmal-1.jpg?fit=1200%2C496&ssl=1&resize=350%2C200","width":350,"height":200,"srcset":"https:\/\/i0.wp.com\/www.bechmann.org\/amphibium\/wp-content\/uploads\/cropped-RKM_Graphik_schmal-1.jpg?fit=1200%2C496&ssl=1&resize=350%2C200 1x, https:\/\/i0.wp.com\/www.bechmann.org\/amphibium\/wp-content\/uploads\/cropped-RKM_Graphik_schmal-1.jpg?fit=1200%2C496&ssl=1&resize=525%2C300 1.5x, https:\/\/i0.wp.com\/www.bechmann.org\/amphibium\/wp-content\/uploads\/cropped-RKM_Graphik_schmal-1.jpg?fit=1200%2C496&ssl=1&resize=700%2C400 2x, https:\/\/i0.wp.com\/www.bechmann.org\/amphibium\/wp-content\/uploads\/cropped-RKM_Graphik_schmal-1.jpg?fit=1200%2C496&ssl=1&resize=1050%2C600 3x"},"classes":[]}],"jetpack_sharing_enabled":true,"_links":{"self":[{"href":"https:\/\/www.bechmann.org\/amphibium\/wp-json\/wp\/v2\/pages\/6965","targetHints":{"allow":["GET"]}}],"collection":[{"href":"https:\/\/www.bechmann.org\/amphibium\/wp-json\/wp\/v2\/pages"}],"about":[{"href":"https:\/\/www.bechmann.org\/amphibium\/wp-json\/wp\/v2\/types\/page"}],"author":[{"embeddable":true,"href":"https:\/\/www.bechmann.org\/amphibium\/wp-json\/wp\/v2\/users\/1"}],"replies":[{"embeddable":true,"href":"https:\/\/www.bechmann.org\/amphibium\/wp-json\/wp\/v2\/comments?post=6965"}],"version-history":[{"count":6,"href":"https:\/\/www.bechmann.org\/amphibium\/wp-json\/wp\/v2\/pages\/6965\/revisions"}],"predecessor-version":[{"id":8170,"href":"https:\/\/www.bechmann.org\/amphibium\/wp-json\/wp\/v2\/pages\/6965\/revisions\/8170"}],"up":[{"embeddable":true,"href":"https:\/\/www.bechmann.org\/amphibium\/wp-json\/wp\/v2\/pages\/6959"}],"wp:featuredmedia":[{"embeddable":true,"href":"https:\/\/www.bechmann.org\/amphibium\/wp-json\/wp\/v2\/media\/7432"}],"wp:attachment":[{"href":"https:\/\/www.bechmann.org\/amphibium\/wp-json\/wp\/v2\/media?parent=6965"}],"curies":[{"name":"wp","href":"https:\/\/api.w.org\/{rel}","templated":true}]}}